{"id":1055,"date":"2026-01-10T01:27:16","date_gmt":"2026-01-10T01:27:16","guid":{"rendered":"https:\/\/ipa-aip.org\/membres\/"},"modified":"2026-04-09T14:22:35","modified_gmt":"2026-04-09T14:22:35","slug":"membres","status":"publish","type":"page","link":"https:\/\/ipa-aip.org\/fr\/membres\/","title":{"rendered":"Membres"},"content":{"rendered":"\n<div class=\"wp-block-group alignfull has-palette-color-9-background-color has-background is-layout-constrained wp-block-group-is-layout-constrained\" style=\"margin-top:0px;margin-bottom:0px\">\n<div class=\"wp-block-group is-vertical is-layout-flex wp-container-core-group-is-layout-d6b9ab57 wp-block-group-is-layout-flex\" style=\"min-height:530px\">\n<h1 class=\"wp-block-heading has-palette-color-8-color has-text-color has-link-color has-aip-font-size wp-elements-f7c372900366c8637822580c984a6d57\">Membres<\/h1>\n<\/div>\n<\/div>\n\n\n\n<div class=\"wp-block-group alignwide is-layout-constrained wp-block-group-is-layout-constrained\" style=\"margin-top:0px;margin-bottom:0px\">\n<div class=\"wp-block-group move-up has-palette-color-8-background-color has-background is-layout-constrained wp-container-core-group-is-layout-9ea42e93 wp-block-group-is-layout-constrained\" style=\"border-top-left-radius:12px;border-top-right-radius:12px;border-bottom-left-radius:12px;border-bottom-right-radius:12px;padding-top:var(--wp--preset--spacing--60);padding-right:var(--wp--preset--spacing--20);padding-bottom:var(--wp--preset--spacing--60);padding-left:var(--wp--preset--spacing--20)\">\n<h2 class=\"wp-block-heading has-palette-color-9-color has-text-color has-link-color has-large-font-size wp-elements-61ebb1847296462421653d5884b185c9\">\u00c0 propos de nous<\/h2>\n\n\n\n<p>L\u2019Assembl\u00e9e Internationale des Peuples (AIP) est un processus mondial qui rassemble plus de 300 organisations, mouvements populaires, syndicats et partis de gauche de toutes les r\u00e9gions du monde. Ancr\u00e9e dans l\u2019esprit de l\u2019internationalisme, l\u2019AIP construit l\u2019unit\u00e9 des peuples autour des luttes pour l\u2019anti-imp\u00e9rialisme, l\u2019anticapitalisme, le f\u00e9minisme, l\u2019\u00e9cologie et la solidarit\u00e9. Nous nous r\u00e9unissons \u00e0 travers l\u2019action collective : mobilisation, formation politique, recherche sociale et communication pour la bataille des id\u00e9es.  <\/p>\n\n\n\n<p>Issue de d\u00e9cennies d\u2019organisation de la gauche, l\u2019AIP trouve ses origines dans les conf\u00e9rences Dilemmas of Humanity, convoqu\u00e9es par des mouvements populaires et des organisations politiques cherchant \u00e0 affronter les crises du capitalisme et \u00e0 proposer des alternatives fond\u00e9es sur la justice, l\u2019\u00e9galit\u00e9 et la souverainet\u00e9. Le processus s\u2019est consolid\u00e9 lors de sa deuxi\u00e8me \u00e9dition en 2015, tenue au Br\u00e9sil, qui a rassembl\u00e9 des organisations du monde entier et pos\u00e9 les bases de la cr\u00e9ation de l\u2019AIP. Depuis ses premi\u00e8res rencontres au Br\u00e9sil jusqu\u2019\u00e0 ses conf\u00e9rences et activit\u00e9s mondiales et r\u00e9gionales au Venezuela, en Afrique du Sud, en Tunisie, au N\u00e9pal, au Chili, aux \u00c9tats-Unis et au-del\u00e0, l\u2019AIP est devenue un espace dynamique de coordination entre les organisations populaires engag\u00e9es pour la transformation.  <\/p>\n<\/div>\n<\/div>\n\n\n\n<div class=\"wp-block-group alignfull has-palette-color-5-background-color has-background is-layout-constrained wp-container-core-group-is-layout-c2593460 wp-block-group-is-layout-constrained\" style=\"margin-top:0px;margin-bottom:0px;padding-top:var(--wp--preset--spacing--60);padding-bottom:var(--wp--preset--spacing--60)\">\n<p>Nous croyons que le capitalisme ne peut offrir aucun avenir \u00e0 l\u2019humanit\u00e9. Il concentre la richesse, d\u00e9truit la nature et approfondit les in\u00e9galit\u00e9s. L\u2019imp\u00e9rialisme, dans sa plus haute expression, continue d\u2019exploiter les peuples et les nations, de mener des guerres et de saper la souverainet\u00e9 dans le monde entier. Face \u00e0 ce syst\u00e8me, l\u2019AIP d\u00e9fend un nouvel ordre social fond\u00e9 sur la solidarit\u00e9, l\u2019\u00e9galit\u00e9 et la dignit\u00e9. Notre lutte est pour le socialisme, non pas comme un mod\u00e8le unique, mais comme un processus vivant et collectif construit \u00e0 partir des r\u00e9alit\u00e9s diverses de nos peuples.    <\/p>\n<\/div>\n\n\n\n<div class=\"wp-block-group alignfull has-palette-color-8-background-color has-background is-layout-constrained wp-container-core-group-is-layout-c2593460 wp-block-group-is-layout-constrained\" style=\"margin-top:0px;margin-bottom:0px;padding-top:var(--wp--preset--spacing--60);padding-bottom:var(--wp--preset--spacing--60)\">\n<p>Notre unit\u00e9 se construit dans la diversit\u00e9. Des paysans aux travailleurs, des mouvements de femmes \u00e0 la jeunesse, et de tant d\u2019autres en Asie, en Afrique, dans la r\u00e9gion arabo-maghr\u00e9bine, en Europe, en Am\u00e9rique latine et aux Cara\u00efbes, ainsi qu\u2019en Am\u00e9rique du Nord, l\u2019AIP est un point de rencontre pour celles et ceux qui refusent d\u2019accepter l\u2019exploitation et l\u2019oppression comme in\u00e9vitables. <\/p>\n<\/div>\n\n\n\n<div class=\"wp-block-group alignfull has-palette-color-5-background-color has-background is-layout-constrained wp-container-core-group-is-layout-c2593460 wp-block-group-is-layout-constrained\" style=\"margin-top:0px;margin-bottom:0px;padding-top:var(--wp--preset--spacing--60);padding-bottom:var(--wp--preset--spacing--60)\">\n<p>L\u2019AIP avance selon trois t\u00e2ches centrales. Premi\u00e8rement, nous organisons la solidarit\u00e9 et la mobilisation mondiales contre l\u2019agression imp\u00e9rialiste et la guerre, en promouvant la solidarit\u00e9 entre les peuples. Deuxi\u00e8mement, nous d\u00e9veloppons l\u2019\u00e9ducation politique et la recherche pour renforcer la conscience et la capacit\u00e9 de nos mouvements. Troisi\u00e8mement, nous construisons la communication pour la bataille des id\u00e9es, en produisant des m\u00e9dias, de l\u2019art et de la culture qui d\u00e9noncent les injustices du capitalisme et projettent notre vision d\u2019un monde socialiste.   <\/p>\n<\/div>\n\n\n\n<div class=\"wp-block-group alignfull has-palette-color-8-background-color has-background is-layout-constrained wp-container-core-group-is-layout-c2593460 wp-block-group-is-layout-constrained\" style=\"margin-top:0px;margin-bottom:0px;padding-top:var(--wp--preset--spacing--60);padding-bottom:var(--wp--preset--spacing--60)\">\n<p>Nous sommes un processus vivant, un espace de convergence o\u00f9 les mouvements coordonnent leurs actions, \u00e9changent leurs exp\u00e9riences et construisent une force collective. Nous avan\u00e7ons inspir\u00e9s par la longue tradition de lutte internationale, des r\u00e9volutions socialistes et anticoloniales aux soul\u00e8vements populaires de notre temps. <\/p>\n<\/div>\n\n\n\n<div class=\"wp-block-group alignfull has-palette-color-5-background-color has-background is-layout-constrained wp-container-core-group-is-layout-c2593460 wp-block-group-is-layout-constrained\" style=\"margin-top:0px;margin-bottom:0px;padding-top:var(--wp--preset--spacing--60);padding-bottom:var(--wp--preset--spacing--60)\">\n<p>Notre horizon est un monde libre de toute exploitation, un monde construit de la main m\u00eame des peuples. Ensemble, nous tra\u00e7ons le chemin vers cet avenir. <\/p>\n<\/div>\n\n\n\n<div class=\"wp-block-group alignfull has-palette-color-8-color has-black-background-color has-text-color has-background has-link-color wp-elements-89bb12bdff7129ab49aabb8fd829332e is-layout-constrained wp-container-core-group-is-layout-c2593460 wp-block-group-is-layout-constrained\" style=\"margin-top:0px;margin-bottom:0px;padding-top:var(--wp--preset--spacing--60);padding-bottom:var(--wp--preset--spacing--60)\">\n<h2 class=\"wp-block-heading has-palette-color-8-color has-text-color has-link-color has-p-giga-font-size wp-elements-9d8ae19cde47c204af8a7051cccc86e7\">L\u2019avenir appartient aux peuples.<\/h2>\n<\/div>\n\n\n\n<div class=\"wp-block-group alignfull is-layout-constrained wp-block-group-is-layout-constrained\" style=\"margin-top:0px;margin-bottom:0px;padding-top:var(--wp--preset--spacing--60);padding-bottom:var(--wp--preset--spacing--50)\">\n<h2 class=\"wp-block-heading has-text-align-center has-palette-color-1-color has-text-color has-link-color has-xl-font-size wp-elements-8c234d7b71d88f88ea17ab8c77f1fb72\" style=\"font-style:normal;font-weight:700\">R\u00c9GIONS<\/h2>\n\n\n\n<div class=\"wp-block-group regions-buttons is-layout-constrained wp-block-group-is-layout-constrained\">\n<div class=\"wp-block-buttons is-content-justification-center is-layout-flex wp-container-core-buttons-is-layout-a89b3969 wp-block-buttons-is-layout-flex\">\n<div class=\"wp-block-button\"><a class=\"wp-block-button__link has-palette-color-4-color has-palette-color-7-background-color has-text-color has-background has-link-color wp-element-button\" href=\"#asia\">Asia<\/a><\/div>\n\n\n\n<div class=\"wp-block-button\"><a class=\"wp-block-button__link has-palette-color-4-color has-palette-color-6-background-color has-text-color has-background has-link-color wp-element-button\" href=\"#arab\">Arab and Maghreb<\/a><\/div>\n\n\n\n<div class=\"wp-block-button\"><a class=\"wp-block-button__link has-palette-color-10-background-color has-background wp-element-button\" href=\"#europe\">EUROPE<\/a><\/div>\n\n\n\n<div class=\"wp-block-button\"><a class=\"wp-block-button__link has-palette-color-11-background-color has-background wp-element-button\" href=\"#latinamerica\">Latin America and the Caribbean<\/a><\/div>\n\n\n\n<div class=\"wp-block-button\"><a class=\"wp-block-button__link has-palette-color-4-color has-palette-color-12-background-color has-text-color has-background has-link-color wp-element-button\" href=\"#northamerica\">NORTH AMERICA<\/a><\/div>\n\n\n\n<div class=\"wp-block-button\"><a class=\"wp-block-button__link has-palette-color-4-color has-palette-color-9-background-color has-text-color has-background has-link-color wp-element-button\" href=\"#africa\">Sub-Saharan Africa<\/a><\/div>\n<\/div>\n<\/div>\n<\/div>\n\n\n\n<div class=\"wp-block-group alignfull region-block has-palette-color-7-background-color has-background is-layout-constrained wp-block-group-is-layout-constrained\" id=\"asia\" style=\"margin-top:0px;margin-bottom:0px;padding-top:180px;padding-bottom:var(--wp--preset--spacing--60)\">\n<div class=\"wp-block-columns are-vertically-aligned-center is-layout-flex wp-container-core-columns-is-layout-28f84493 wp-block-columns-is-layout-flex\">\n<div class=\"wp-block-column is-vertically-aligned-center is-layout-flow wp-block-column-is-layout-flow\" style=\"flex-basis:55%\">\n<h2 class=\"wp-block-heading has-palette-color-4-color has-text-color has-link-color has-aip-font-size wp-elements-ebaff2ad77d2e574413dedecd0014674\" style=\"line-height:1\">ASIA<\/h2>\n\n\n\n<div class=\"wp-block-buttons is-layout-flex wp-block-buttons-is-layout-flex\">\n<div class=\"wp-block-button\"><a class=\"wp-block-button__link wp-element-button\" href=\"https:\/\/ipa-aip.org\/fr\/regions\/#asia\" style=\"border-top-left-radius:8px;border-top-right-radius:8px;border-bottom-left-radius:8px;border-bottom-right-radius:8px\">VOIR TOUTES LES ORGANISATIONS<\/a><\/div>\n<\/div>\n<\/div>\n\n\n\n<div class=\"wp-block-column is-vertically-aligned-center is-layout-flow wp-block-column-is-layout-flow\" style=\"flex-basis:45%\">\n<div data-id=\"3c3049a0\" class=\"wp-block-blocksy-query\"><div class=\"ct-query-template-grid\"><article class=\"wp-block-post is-layout-flow post-663 membro type-membro status-publish hentry region-asia\">\n<div data-block=\"hook:72\" class=\"alignfull\"><article id=\"post-72\" class=\"post-72\"><div class=\"entry-content is-layout-constrained\"><div class='member'><div class='icon-row'><i class='fas fa-location-dot'><\/i><span>Bangladesh<\/span><\/div><h3>Workers Party of Bangladesh<\/h3><p>The Workers Party of Bangladesh was founded in 1980 and continues to uphold Marxist-Leninist principles, the legacy of the Liberation War of 1971, and an agenda of worker-peasant power, secularism and anti-imperialism. The party campaigns to address corruption, economic inequality and global capitalism\u2019s impact.<\/p>\n<a href='https:\/\/www.wpbd71.org\/' target='_blank'>SITE OFFICIEL<i class='fas fa-external-link-alt'><\/i><\/a><\/div><\/div><\/article><\/div>\n<\/article><article class=\"wp-block-post is-layout-flow post-664 membro type-membro status-publish hentry region-asia\">\n<div data-block=\"hook:72\" class=\"alignfull\"><article id=\"post-72\" class=\"post-72\"><div class=\"entry-content is-layout-constrained\"><div class='member'><div class='icon-row'><i class='fas fa-location-dot'><\/i><span>Pakistan<\/span><\/div><h3>Mazdoor Kisan Party<\/h3><p>The Mazdoor Kisan Party of Pakistan, born in 1968, has its roots in the struggle of workers (mazdoor) and peasants (kisan) against feudal and colonial legacies. The party continues to mobilize for land rights, tenant protections and class justice in Pakistan\u2019s rural areas.<\/p>\n<p>&nbsp;<\/p>\n<a href='https:\/\/www.facebook.com\/MkpOffical\/' target='_blank'>SITE OFFICIEL<i class='fas fa-external-link-alt'><\/i><\/a><\/div><\/div><\/article><\/div>\n<\/article><\/div><style>[data-id='3c3049a0'] {--grid-columns-width:2;}@media (max-width: 999.98px) {[data-id='3c3049a0'] {--grid-columns-width:1;}}@media (max-width: 689.98px) {[data-id='3c3049a0'] {--grid-columns-width:1;}}<\/style><\/div>\n<\/div>\n<\/div>\n<\/div>\n\n\n\n<div class=\"wp-block-group alignfull region-block has-palette-color-6-background-color has-background is-layout-constrained wp-block-group-is-layout-constrained\" id=\"arab\" style=\"margin-top:0px;margin-bottom:0px;padding-top:180px;padding-bottom:var(--wp--preset--spacing--60)\">\n<div class=\"wp-block-columns are-vertically-aligned-center is-layout-flex wp-container-core-columns-is-layout-28f84493 wp-block-columns-is-layout-flex\">\n<div class=\"wp-block-column is-vertically-aligned-center is-layout-flow wp-block-column-is-layout-flow\" style=\"flex-basis:55%\">\n<h2 class=\"wp-block-heading has-palette-color-8-color has-text-color has-link-color has-aip-font-size wp-elements-eac947d954bb20e7ef8e0eb6ea8bb4f5\" style=\"font-style:normal;font-weight:1000;line-height:1\">ARAB AND<br>MAGREB<\/h2>\n\n\n\n<div class=\"wp-block-buttons is-layout-flex wp-block-buttons-is-layout-flex\">\n<div class=\"wp-block-button\"><a class=\"wp-block-button__link wp-element-button\" href=\"https:\/\/ipa-aip.org\/fr\/regions\/#arab\" style=\"border-top-left-radius:8px;border-top-right-radius:8px;border-bottom-left-radius:8px;border-bottom-right-radius:8px\">VOIR TOUTES LES ORGANISATIONS<\/a><\/div>\n<\/div>\n<\/div>\n\n\n\n<div class=\"wp-block-column is-vertically-aligned-center is-layout-flow wp-block-column-is-layout-flow\" style=\"flex-basis:45%\">\n<div data-id=\"9bc3dcb4\" class=\"wp-block-blocksy-query\"><div class=\"ct-query-template-grid\"><article class=\"wp-block-post is-layout-flow post-669 membro type-membro status-publish hentry region-arab-and-maghreb\">\n<div data-block=\"hook:72\" class=\"alignfull\"><article id=\"post-72\" class=\"post-72\"><div class=\"entry-content is-layout-constrained\"><div class='member'><div class='icon-row'><i class='fas fa-location-dot'><\/i><span>Tunisia<\/span><\/div><h3>Workers\u2019 Party of Tunisia<\/h3><p>The Workers\u2019 Party of Tunisia (Parti des Travailleurs) is a Marxist-Leninist party founded in 1986, legalized in 2011, rooted in the Tunisian working class and the struggle against neoliberalism and imperialism. It participates in popular movements, trade-unions and political education, seeking to advance socialism, workers\u2019 rights and democracy in Tunisia.<\/p>\n<a href='https:\/\/www.albadil.org\/' target='_blank'>SITE OFFICIEL<i class='fas fa-external-link-alt'><\/i><\/a><\/div><\/div><\/article><\/div>\n<\/article><article class=\"wp-block-post is-layout-flow post-668 membro type-membro status-publish hentry region-arab-and-maghreb\">\n<div data-block=\"hook:72\" class=\"alignfull\"><article id=\"post-72\" class=\"post-72\"><div class=\"entry-content is-layout-constrained\"><div class='member'><div class='icon-row'><i class='fas fa-location-dot'><\/i><span>Palestine<\/span><\/div><h3>Palestinian People\u2019s Party<\/h3><p>The Palestinian People\u2019s Party (PPP), established in 1982, is a socialist left-wing organization active in Palestine and among the diaspora. Rooted in anti-imperialist, national liberation and class struggle politics, the PPP seeks a sovereign Palestinian state and social justice. It offers the Palestinian cause\u2019s voice in the global fight against imperialism.<\/p>\n<\/div><\/div><\/article><\/div>\n<\/article><\/div><style>[data-id='9bc3dcb4'] {--grid-columns-width:2;}@media (max-width: 999.98px) {[data-id='9bc3dcb4'] {--grid-columns-width:1;}}@media (max-width: 689.98px) {[data-id='9bc3dcb4'] {--grid-columns-width:1;}}<\/style><\/div>\n<\/div>\n<\/div>\n<\/div>\n\n\n\n<div class=\"wp-block-group alignfull region-block has-palette-color-10-background-color has-background is-layout-constrained wp-block-group-is-layout-constrained\" id=\"europe\" style=\"margin-top:0px;margin-bottom:0px;padding-top:180px;padding-bottom:var(--wp--preset--spacing--60)\">\n<div class=\"wp-block-columns are-vertically-aligned-center is-layout-flex wp-container-core-columns-is-layout-28f84493 wp-block-columns-is-layout-flex\">\n<div class=\"wp-block-column is-vertically-aligned-center is-layout-flow wp-block-column-is-layout-flow\" style=\"flex-basis:55%\">\n<h2 class=\"wp-block-heading has-palette-color-8-color has-text-color has-link-color has-aip-font-size wp-elements-06fd29db0923e9be1e2f3f5c4b95e0ac\" style=\"font-style:normal;font-weight:1000;line-height:1\">EUROPE<\/h2>\n\n\n\n<div class=\"wp-block-buttons is-layout-flex wp-block-buttons-is-layout-flex\">\n<div class=\"wp-block-button\"><a class=\"wp-block-button__link wp-element-button\" href=\"https:\/\/ipa-aip.org\/fr\/regions\/#europe\" style=\"border-top-left-radius:8px;border-top-right-radius:8px;border-bottom-left-radius:8px;border-bottom-right-radius:8px\">VOIR TOUTES LES ORGANISATIONS<\/a><\/div>\n<\/div>\n<\/div>\n\n\n\n<div class=\"wp-block-column is-vertically-aligned-center is-layout-flow wp-block-column-is-layout-flow\" style=\"flex-basis:45%\">\n<div data-id=\"34271c11\" class=\"wp-block-blocksy-query\"><div class=\"ct-query-template-grid\"><article class=\"wp-block-post is-layout-flow post-672 membro type-membro status-publish hentry region-europe\">\n<div data-block=\"hook:72\" class=\"alignfull\"><article id=\"post-72\" class=\"post-72\"><div class=\"entry-content is-layout-constrained\"><div class='member'><div class='icon-row'><i class='fas fa-location-dot'><\/i><span>Italy<\/span><\/div><h3>Potere al Popolo (Power to the People)<\/h3><p>Potere al Popolo (Power to the People) is an Italian is a political party founded in 2017 that unites activists, worker movements and social forces around anti-capitalism, feminism, ecology, and popular participation. Representing a renewal of popular politics in Europe, it advocates real democracy through everyday self-organization and international solidarity.<\/p>\n<a href='https:\/\/poterealpopolo.org\/' target='_blank'>SITE OFFICIEL<i class='fas fa-external-link-alt'><\/i><\/a><\/div><\/div><\/article><\/div>\n<\/article><\/div><style>[data-id='34271c11'] {--grid-columns-width:1;}@media (max-width: 689.98px) {[data-id='34271c11'] {--grid-columns-width:1;}}<\/style><\/div>\n<\/div>\n<\/div>\n<\/div>\n\n\n\n<div class=\"wp-block-group alignfull region-block has-palette-color-11-background-color has-background is-layout-constrained wp-block-group-is-layout-constrained\" id=\"latinamerica\" style=\"margin-top:0px;margin-bottom:0px;padding-top:180px;padding-bottom:var(--wp--preset--spacing--60)\">\n<div class=\"wp-block-columns are-vertically-aligned-center is-layout-flex wp-container-core-columns-is-layout-28f84493 wp-block-columns-is-layout-flex\">\n<div class=\"wp-block-column is-vertically-aligned-center is-layout-flow wp-block-column-is-layout-flow\" style=\"flex-basis:55%\">\n<h2 class=\"wp-block-heading has-palette-color-8-color has-text-color has-link-color has-aip-font-size wp-elements-8929f6cac769985f3bed99f3df85b1a8\" style=\"font-style:normal;font-weight:1000;line-height:1\">LATIN<br>AMERICA<br>AND THE<br>CARIBEAN<\/h2>\n\n\n\n<div class=\"wp-block-buttons is-layout-flex wp-block-buttons-is-layout-flex\">\n<div class=\"wp-block-button\"><a class=\"wp-block-button__link wp-element-button\" href=\"https:\/\/ipa-aip.org\/fr\/regions\/#latinamerica\" style=\"border-top-left-radius:8px;border-top-right-radius:8px;border-bottom-left-radius:8px;border-bottom-right-radius:8px\">VOIR TOUTES LES ORGANISATIONS<\/a><\/div>\n<\/div>\n<\/div>\n\n\n\n<div class=\"wp-block-column is-vertically-aligned-center is-layout-flow wp-block-column-is-layout-flow\" style=\"flex-basis:45%\">\n<div data-id=\"f2d40cd6\" class=\"wp-block-blocksy-query\"><div class=\"ct-query-template-grid\"><article class=\"wp-block-post is-layout-flow post-678 membro type-membro status-publish hentry region-latin-america-and-the-caribbean\">\n<div data-block=\"hook:72\" class=\"alignfull\"><article id=\"post-72\" class=\"post-72\"><div class=\"entry-content is-layout-constrained\"><div class='member'><div class='icon-row'><i class='fas fa-location-dot'><\/i><span>Cuba<\/span><\/div><h3>Martin Luther King Jr. Memorial Center<\/h3><p>Founded in 1987 in Havana, the Centro Memorial Martin Luther King Jr. is a Cuban civil-society organization of ecumenical inspiration dedicated to popular education, community formation and solidarity. It coordinates national networks of educators and social movements, linking local experiences of cooperative development with international solidarity activism.<\/p>\n<a href='https:\/\/www.instagram.com\/cmlkcuba\/' target='_blank'>SITE OFFICIEL<i class='fas fa-external-link-alt'><\/i><\/a><\/div><\/div><\/article><\/div>\n<\/article><article class=\"wp-block-post is-layout-flow post-679 membro type-membro status-publish hentry region-latin-america-and-the-caribbean\">\n<div data-block=\"hook:72\" class=\"alignfull\"><article id=\"post-72\" class=\"post-72\"><div class=\"entry-content is-layout-constrained\"><div class='member'><div class='icon-row'><i class='fas fa-location-dot'><\/i><span>Argentina<\/span><\/div><h3>Patria Grande Front<\/h3><p>The Patria Grande Front (Frente Patria Grande) is a left-wing political front in Argentina founded in 2018, rooted in popular organizations and social movements. It advances an agenda of social inclusion, workers\u2019 rights and Latin American integration.<\/p>\n<a href='https:\/\/patriagrande.org.ar\/' target='_blank'>SITE OFFICIEL<i class='fas fa-external-link-alt'><\/i><\/a><\/div><\/div><\/article><\/div>\n<\/article><\/div><style>[data-id='f2d40cd6'] {--grid-columns-width:2;}@media (max-width: 999.98px) {[data-id='f2d40cd6'] {--grid-columns-width:1;}}@media (max-width: 689.98px) {[data-id='f2d40cd6'] {--grid-columns-width:1;}}<\/style><\/div>\n<\/div>\n<\/div>\n<\/div>\n\n\n\n<div class=\"wp-block-group alignfull region-block has-palette-color-12-background-color has-background is-layout-constrained wp-block-group-is-layout-constrained\" id=\"northamerica\" style=\"margin-top:0px;margin-bottom:0px;padding-top:180px;padding-bottom:var(--wp--preset--spacing--60)\">\n<div class=\"wp-block-columns are-vertically-aligned-center is-layout-flex wp-container-core-columns-is-layout-28f84493 wp-block-columns-is-layout-flex\">\n<div class=\"wp-block-column is-vertically-aligned-center is-layout-flow wp-block-column-is-layout-flow\" style=\"flex-basis:55%\">\n<h2 class=\"wp-block-heading has-palette-color-4-color has-text-color has-link-color has-aip-font-size wp-elements-cc21e37a48f8a270bdf17b9c80e822cc\" style=\"font-style:normal;font-weight:1000;line-height:1\">NORTH<br>AMERICA<\/h2>\n\n\n\n<div class=\"wp-block-buttons is-layout-flex wp-block-buttons-is-layout-flex\">\n<div class=\"wp-block-button\"><a class=\"wp-block-button__link wp-element-button\" href=\"https:\/\/ipa-aip.org\/fr\/regions\/#northamerica\" style=\"border-top-left-radius:8px;border-top-right-radius:8px;border-bottom-left-radius:8px;border-bottom-right-radius:8px\">VOIR TOUTES LES ORGANISATIONS<\/a><\/div>\n<\/div>\n<\/div>\n\n\n\n<div class=\"wp-block-column is-vertically-aligned-center is-layout-flow wp-block-column-is-layout-flow\" style=\"flex-basis:45%\">\n<div data-id=\"8ae37fd6\" class=\"wp-block-blocksy-query\"><div class=\"ct-query-template-grid\"><article class=\"wp-block-post is-layout-flow post-686 membro type-membro status-publish hentry region-north-america\">\n<div data-block=\"hook:72\" class=\"alignfull\"><article id=\"post-72\" class=\"post-72\"><div class=\"entry-content is-layout-constrained\"><div class='member'><div class='icon-row'><i class='fas fa-location-dot'><\/i><span>United States<\/span><\/div><h3>CodePink: Women for Peace<\/h3><p>CodePink: Women for Peace is a U.S.-based grassroots anti-war and feminist movement founded in 2002, committed to ending militarism and U.S. interventions worldwide. Through direct actions, digital campaigns and alliances with global peace initiatives, CodePink redirects military spending toward healthcare, education and sustainable jobs.<\/p>\n<a href='https:\/\/www.codepink.org\/' target='_blank'>SITE OFFICIEL<i class='fas fa-external-link-alt'><\/i><\/a><\/div><\/div><\/article><\/div>\n<\/article><article class=\"wp-block-post is-layout-flow post-685 membro type-membro status-publish hentry region-north-america\">\n<div data-block=\"hook:72\" class=\"alignfull\"><article id=\"post-72\" class=\"post-72\"><div class=\"entry-content is-layout-constrained\"><div class='member'><div class='icon-row'><i class='fas fa-location-dot'><\/i><span>United States<\/span><\/div><h3>PSL (Party for Socialism and Liberation)<\/h3><p>The Party for Socialism and Liberation (PSL), founded in 2004 in the United States, is a revolutionary socialist organization which argues that capitalism and imperialism must be overthrown for humanity to thrive. With a programme rooted in workers\u2019 rights, racial justice and international solidarity, the PSL participates in electoral campaigns, mass protest and political education.<\/p>\n<a href='https:\/\/pslweb.org\/' target='_blank'>SITE OFFICIEL<i class='fas fa-external-link-alt'><\/i><\/a><\/div><\/div><\/article><\/div>\n<\/article><\/div><style>[data-id='8ae37fd6'] {--grid-columns-width:2;}@media (max-width: 999.98px) {[data-id='8ae37fd6'] {--grid-columns-width:1;}}@media (max-width: 689.98px) {[data-id='8ae37fd6'] {--grid-columns-width:1;}}<\/style><\/div>\n<\/div>\n<\/div>\n<\/div>\n\n\n\n<div class=\"wp-block-group alignfull region-block has-palette-color-9-background-color has-background is-layout-constrained wp-block-group-is-layout-constrained\" id=\"africa\" style=\"margin-top:0px;margin-bottom:0px;padding-top:180px;padding-bottom:var(--wp--preset--spacing--60)\">\n<div class=\"wp-block-columns are-vertically-aligned-center is-layout-flex wp-container-core-columns-is-layout-28f84493 wp-block-columns-is-layout-flex\">\n<div class=\"wp-block-column is-vertically-aligned-center is-layout-flow wp-block-column-is-layout-flow\" style=\"flex-basis:55%\">\n<h2 class=\"wp-block-heading has-palette-color-4-color has-text-color has-link-color has-aip-font-size wp-elements-0e5570c1f6731150a1a83274d6811598\" style=\"font-style:normal;font-weight:1000;line-height:1\">SUB-SAHARAN<br>AFRICA<\/h2>\n\n\n\n<div class=\"wp-block-buttons is-layout-flex wp-block-buttons-is-layout-flex\">\n<div class=\"wp-block-button\"><a class=\"wp-block-button__link wp-element-button\" href=\"https:\/\/ipa-aip.org\/fr\/regions\/#africa\" style=\"border-top-left-radius:8px;border-top-right-radius:8px;border-bottom-left-radius:8px;border-bottom-right-radius:8px\">VOIR TOUTES LES ORGANISATIONS<\/a><\/div>\n<\/div>\n<\/div>\n\n\n\n<div class=\"wp-block-column is-vertically-aligned-center is-layout-flow wp-block-column-is-layout-flow\" style=\"flex-basis:45%\">\n<div data-id=\"2a216b6f\" class=\"wp-block-blocksy-query\"><div class=\"ct-query-template-grid\"><article class=\"wp-block-post is-layout-flow post-691 membro type-membro status-publish hentry region-sub-saharan-africa\">\n<div data-block=\"hook:72\" class=\"alignfull\"><article id=\"post-72\" class=\"post-72\"><div class=\"entry-content is-layout-constrained\"><div class='member'><div class='icon-row'><i class='fas fa-location-dot'><\/i><span>South Africa<\/span><\/div><h3>Socialist Revolutionary Workers Party (SRWP)<\/h3><p>The Socialist Revolutionary Workers Party (SRWP) was founded in 2019 in South Africa by key union activistc. The party adopts a clear socialist, anti-capitalist and worker-controlled programme, committed to transforming society from below rather than simply contesting elections.<\/p>\n<\/div><\/div><\/article><\/div>\n<\/article><article class=\"wp-block-post is-layout-flow post-690 membro type-membro status-publish hentry region-sub-saharan-africa\">\n<div data-block=\"hook:72\" class=\"alignfull\"><article id=\"post-72\" class=\"post-72\"><div class=\"entry-content is-layout-constrained\"><div class='member'><div class='icon-row'><i class='fas fa-location-dot'><\/i><span>Zambia<\/span><\/div><h3>Socialist Party<\/h3><p>The Socialist Party of Zambia is a Marxist-Leninist party founded in 2018, promoting policies of universal education, healthcare, land reform and worker-peasant power. It represents a new strand of socialist organizing in Zambia\u2019s political landscape and connects local struggles to global anti-capitalist movements.<\/p>\n<a href='https:\/\/www.facebook.com\/SocialistPartyZambia\/' target='_blank'>SITE OFFICIEL<i class='fas fa-external-link-alt'><\/i><\/a><\/div><\/div><\/article><\/div>\n<\/article><\/div><style>[data-id='2a216b6f'] {--grid-columns-width:2;}@media (max-width: 999.98px) {[data-id='2a216b6f'] {--grid-columns-width:1;}}@media (max-width: 689.98px) {[data-id='2a216b6f'] {--grid-columns-width:1;}}<\/style><\/div>\n<\/div>\n<\/div>\n<\/div>\n","protected":false},"excerpt":{"rendered":"<p>Membres \u00c0 propos de nous L\u2019Assembl\u00e9e Internationale des Peuples (AIP) est un processus mondial qui rassemble plus de 300 organisations, mouvements populaires, syndicats et partis de gauche de toutes les r\u00e9gions du monde. Ancr\u00e9e dans l\u2019esprit de l\u2019internationalisme, l\u2019AIP construit l\u2019unit\u00e9 des peuples autour des luttes pour l\u2019anti-imp\u00e9rialisme, l\u2019anticapitalisme, le f\u00e9minisme, l\u2019\u00e9cologie et la solidarit\u00e9. [&hellip;]<\/p>\n","protected":false},"author":1,"featured_media":0,"parent":0,"menu_order":0,"comment_status":"closed","ping_status":"closed","template":"","meta":{"_acf_changed":false,"footnotes":""},"class_list":["post-1055","page","type-page","status-publish","hentry"],"blocksy_meta":{"has_hero_section":"disabled","vertical_spacing_source":"custom","content_area_spacing":"none","styles_descriptor":{"styles":{"desktop":"","tablet":"","mobile":""},"google_fonts":[],"version":6}},"acf":[],"_links":{"self":[{"href":"https:\/\/ipa-aip.org\/fr\/wp-json\/wp\/v2\/pages\/1055","targetHints":{"allow":["GET"]}}],"collection":[{"href":"https:\/\/ipa-aip.org\/fr\/wp-json\/wp\/v2\/pages"}],"about":[{"href":"https:\/\/ipa-aip.org\/fr\/wp-json\/wp\/v2\/types\/page"}],"author":[{"embeddable":true,"href":"https:\/\/ipa-aip.org\/fr\/wp-json\/wp\/v2\/users\/1"}],"replies":[{"embeddable":true,"href":"https:\/\/ipa-aip.org\/fr\/wp-json\/wp\/v2\/comments?post=1055"}],"version-history":[{"count":5,"href":"https:\/\/ipa-aip.org\/fr\/wp-json\/wp\/v2\/pages\/1055\/revisions"}],"predecessor-version":[{"id":8002,"href":"https:\/\/ipa-aip.org\/fr\/wp-json\/wp\/v2\/pages\/1055\/revisions\/8002"}],"wp:attachment":[{"href":"https:\/\/ipa-aip.org\/fr\/wp-json\/wp\/v2\/media?parent=1055"}],"curies":[{"name":"wp","href":"https:\/\/api.w.org\/{rel}","templated":true}]}}