{"id":1557,"date":"2026-01-15T04:19:37","date_gmt":"2026-01-15T04:19:37","guid":{"rendered":"https:\/\/ipa-aip.org\/campaign\/voces-del-sahel\/"},"modified":"2026-03-08T19:27:17","modified_gmt":"2026-03-08T19:27:17","slug":"voces-del-sahel","status":"publish","type":"campaign","link":"https:\/\/ipa-aip.org\/es\/campaign\/voces-del-sahel\/","title":{"rendered":"Voces del Sahel"},"content":{"rendered":"\n<div class=\"wp-block-group alignfull has-background is-layout-constrained wp-block-group-is-layout-constrained\" style=\"background-color:#d24b00;margin-top:0px;margin-bottom:0px;background-image:url(&apos;https:\/\/ipa-aip.org\/wp-content\/uploads\/2026\/01\/bb96170d77435407793cae92fdcd17f8f7c1933a.png&apos;);background-position:50% 50%;background-repeat:no-repeat;background-size:contain;\">\n<div class=\"wp-block-group is-vertical is-layout-flex wp-container-core-group-is-layout-d6b9ab57 wp-block-group-is-layout-flex\" style=\"min-height:100vh\">\n<div class=\"wp-block-group is-layout-constrained wp-container-core-group-is-layout-c10e81cb wp-block-group-is-layout-constrained\">\n<h1 class=\"wp-block-heading has-palette-color-8-color has-text-color has-link-color has-aip-font-size wp-elements-ad7cef45f71c4d7a2730be3cfba99403\" style=\"font-style:normal;font-weight:1000;line-height:1;text-transform:uppercase\">Voces del Sahel<\/h1>\n\n\n\n<p class=\"has-palette-color-8-color has-text-color has-link-color has-large-font-size wp-elements-c1d48224de4f665cfb1aa0434b551602\" style=\"font-style:normal;font-weight:600;letter-spacing:-0.42px;line-height:1\">Una serie para entender sobre resistencia, soberan\u00eda y futuro<\/p>\n<\/div>\n<\/div>\n<\/div>\n\n<div class=\"wp-block-group alignfull has-palette-color-8-background-color has-background is-layout-constrained wp-container-core-group-is-layout-a71d72ca wp-block-group-is-layout-constrained\" style=\"margin-top:0px;margin-bottom:0px;padding-top:var(--wp--preset--spacing--70);padding-bottom:var(--wp--preset--spacing--70)\">\n<p class=\"has-medium-font-size\" style=\"font-style:normal;font-weight:400;line-height:1.28\">Te invitamos a conocer \u201cVoces del Sahel\u201d, una serie especial de materiales que busca acercar al mundo las historias, luchas y esperanzas de los pueblos del Sahel. Esta serie recoge en videos, art\u00edculos y entrevistas las voces de l\u00edderes, activistas, campesinos, j\u00f3venes y mujeres que hoy levantan la bandera de una \u00c1frica unida y libre. <\/p>\n<\/div>\n\n<div class=\"wp-block-group alignfull has-background is-layout-constrained wp-block-group-is-layout-constrained\" style=\"background-color:#ffa900;margin-top:0px;margin-bottom:0px;padding-top:var(--wp--preset--spacing--70);padding-bottom:var(--wp--preset--spacing--70)\">\n<div class=\"wp-block-columns are-vertically-aligned-center is-layout-flex wp-container-core-columns-is-layout-f5a44f5b wp-block-columns-is-layout-flex\">\n<div class=\"wp-block-column is-vertically-aligned-center is-layout-flow wp-container-core-column-is-layout-7c1f3211 wp-block-column-is-layout-flow\">\n<figure class=\"wp-block-image aligncenter size-large is-resized\"><img loading=\"lazy\" decoding=\"async\" width=\"1024\" height=\"718\" src=\"https:\/\/ipa-aip.org\/wp-content\/uploads\/2026\/01\/aba1c41eb7b3b1888a78ef268362ddff2df53e6e-1024x718.png\" alt=\"\" class=\"wp-image-804\" style=\"width:410px\" srcset=\"https:\/\/ipa-aip.org\/wp-content\/uploads\/2026\/01\/aba1c41eb7b3b1888a78ef268362ddff2df53e6e-1024x718.png 1024w, https:\/\/ipa-aip.org\/wp-content\/uploads\/2026\/01\/aba1c41eb7b3b1888a78ef268362ddff2df53e6e-300x210.png 300w, https:\/\/ipa-aip.org\/wp-content\/uploads\/2026\/01\/aba1c41eb7b3b1888a78ef268362ddff2df53e6e-768x539.png 768w, https:\/\/ipa-aip.org\/wp-content\/uploads\/2026\/01\/aba1c41eb7b3b1888a78ef268362ddff2df53e6e-1536x1077.png 1536w, https:\/\/ipa-aip.org\/wp-content\/uploads\/2026\/01\/aba1c41eb7b3b1888a78ef268362ddff2df53e6e-2048x1437.png 2048w\" sizes=\"auto, (max-width: 1024px) 100vw, 1024px\" \/><\/figure>\n<\/div>\n\n\n\n<div class=\"wp-block-column is-vertically-aligned-center is-layout-flow wp-block-column-is-layout-flow\">\n<p class=\"has-medium-font-size\" style=\"font-style:normal;font-weight:300;line-height:1.5\">\u00bfPor qu\u00e9 el Sahel? El Sahel es mucho m\u00e1s que un \u00e1rea que se extiende entre el Sahara y el \u00c1frica subsahariana. Es una regi\u00f3n atravesada por una historia profunda de resistencia, desde las luchas anticoloniales del siglo XIX hasta los actuales esfuerzos por romper las cadenas del neocolonialismo. Pa\u00edses como Mali, Burkina Faso y N\u00edger no solo enfrentan crisis graves \u2014con desplazamientos masivos, violencia y cambios clim\u00e1ticos extremos\u2014, sino que tambi\u00e9n est\u00e1n protagonizando procesos in\u00e9ditos para recuperar su soberan\u00eda.   <\/p>\n<\/div>\n<\/div>\n<\/div>\n\n<div class=\"wp-block-group alignfull has-background is-layout-constrained wp-block-group-is-layout-constrained\" style=\"background-color:#aa321a;margin-top:0px;margin-bottom:0px;padding-top:var(--wp--preset--spacing--70);padding-bottom:var(--wp--preset--spacing--70)\">\n<div class=\"wp-block-columns are-vertically-aligned-center is-layout-flex wp-container-core-columns-is-layout-f5a44f5b wp-block-columns-is-layout-flex\">\n<div class=\"wp-block-column is-vertically-aligned-center is-layout-flow wp-block-column-is-layout-flow\">\n<p class=\"has-palette-color-5-color has-text-color has-link-color has-medium-font-size wp-elements-8469f7ba8217f502b3ebf552a3c52705\" style=\"font-style:normal;font-weight:300;line-height:1.5\">Esta serie muestra c\u00f3mo siglos de saqueo sistem\u00e1tico, fronteras impuestas desde Europa, tratados econ\u00f3micos desiguales y bases militares extranjeras han priorizado los intereses de potencias como Francia y Estados Unidos.<\/p>\n\n\n\n<p class=\"has-palette-color-8-color has-text-color has-link-color has-medium-font-size wp-elements-7232c923114ff71eef889db99d644ea7\" style=\"font-style:normal;font-weight:300;line-height:1.5\">Pero la historia no termina ah\u00ed. Los materiales de \u201cVoces del Sahel\u201d tambi\u00e9n nos sumergen en los procesos actuales que desaf\u00edan esta situaci\u00f3n: la formaci\u00f3n de la Alianza de Estados del Sahel (AES), la expulsi\u00f3n de tropas extranjeras, las nacionalizaciones de minas y recursos, la creaci\u00f3n de pol\u00edticas de desarrollo soberano. <\/p>\n<\/div>\n\n\n\n<div class=\"wp-block-column is-vertically-aligned-center is-layout-flow wp-container-core-column-is-layout-7c1f3211 wp-block-column-is-layout-flow\">\n<figure class=\"wp-block-image aligncenter size-large is-resized\"><img loading=\"lazy\" decoding=\"async\" width=\"1024\" height=\"903\" src=\"https:\/\/ipa-aip.org\/wp-content\/uploads\/2026\/01\/468269ccc305cfba2d55d8ca5dfecc22d2b814f9-1024x903.png\" alt=\"\" class=\"wp-image-805\" style=\"width:383px\" srcset=\"https:\/\/ipa-aip.org\/wp-content\/uploads\/2026\/01\/468269ccc305cfba2d55d8ca5dfecc22d2b814f9-1024x903.png 1024w, https:\/\/ipa-aip.org\/wp-content\/uploads\/2026\/01\/468269ccc305cfba2d55d8ca5dfecc22d2b814f9-300x264.png 300w, https:\/\/ipa-aip.org\/wp-content\/uploads\/2026\/01\/468269ccc305cfba2d55d8ca5dfecc22d2b814f9-768x677.png 768w, https:\/\/ipa-aip.org\/wp-content\/uploads\/2026\/01\/468269ccc305cfba2d55d8ca5dfecc22d2b814f9-1536x1354.png 1536w, https:\/\/ipa-aip.org\/wp-content\/uploads\/2026\/01\/468269ccc305cfba2d55d8ca5dfecc22d2b814f9-2048x1805.png 2048w\" sizes=\"auto, (max-width: 1024px) 100vw, 1024px\" \/><\/figure>\n<\/div>\n<\/div>\n<\/div>\n\n<div class=\"wp-block-group alignfull has-background is-layout-constrained wp-container-core-group-is-layout-1b717466 wp-block-group-is-layout-constrained\" style=\"background-color:#d24b00;margin-top:0px;margin-bottom:0px;padding-top:var(--wp--preset--spacing--70);padding-bottom:var(--wp--preset--spacing--70)\">\n<p class=\"has-palette-color-8-color has-text-color has-link-color has-medium-font-size wp-elements-eb31c093e97b096ee1c526faa9863b63\" style=\"font-style:normal;font-weight:600;line-height:1\">Desde la Asamblea Internacional de los Pueblos creemos que conocer el Sahel es tambi\u00e9n conocernos a nosotros mismos:<\/p>\n\n\n\n<p class=\"has-palette-color-8-color has-text-color has-link-color has-large-font-size wp-elements-e3014fd0ac0f05d3802d90be4dcb3926\" style=\"font-style:normal;font-weight:600;line-height:1\">Entender c\u00f3mo operan las redes de poder imperialista, c\u00f3mo resisten los pueblos del Sur Global y c\u00f3mo podemos tejer alianzas de solidaridad internacional.<\/p>\n\n\n\n<figure class=\"wp-block-image size-full bottom-float-image right\"><img loading=\"lazy\" decoding=\"async\" width=\"395\" height=\"193\" src=\"https:\/\/ipa-aip.org\/wp-content\/uploads\/2026\/01\/people.png\" alt=\"\" class=\"wp-image-771\" srcset=\"https:\/\/ipa-aip.org\/wp-content\/uploads\/2026\/01\/people.png 395w, https:\/\/ipa-aip.org\/wp-content\/uploads\/2026\/01\/people-300x147.png 300w\" sizes=\"auto, (max-width: 395px) 100vw, 395px\" \/><\/figure>\n\n\n\n<figure class=\"wp-block-image size-full bottom-float-image\"><img loading=\"lazy\" decoding=\"async\" width=\"395\" height=\"193\" src=\"https:\/\/ipa-aip.org\/wp-content\/uploads\/2026\/01\/people.png\" alt=\"\" class=\"wp-image-771\" srcset=\"https:\/\/ipa-aip.org\/wp-content\/uploads\/2026\/01\/people.png 395w, https:\/\/ipa-aip.org\/wp-content\/uploads\/2026\/01\/people-300x147.png 300w\" sizes=\"auto, (max-width: 395px) 100vw, 395px\" \/><\/figure>\n<\/div>\n\n<div class=\"wp-block-group alignfull external-publications is-layout-constrained wp-container-core-group-is-layout-eae893d1 wp-block-group-is-layout-constrained\" style=\"margin-top:0px;margin-bottom:0px;padding-top:var(--wp--preset--spacing--70);padding-bottom:var(--wp--preset--spacing--70)\">\n<h1 class=\"wp-block-heading has-palette-color-1-color has-text-color has-link-color has-aip-font-size wp-elements-790a9e7744d27cc06eff6ab179ffd894\" style=\"font-style:normal;font-weight:1000;line-height:1;text-transform:uppercase\">PUBLICACIONES EXTERNAS<\/h1>\n\n\n\n<div data-id=\"4c72f085\" class=\"wp-block-blocksy-query\"><div class=\"ct-query-template is-layout-slider\"><div class=\"flexy-container\" data-flexy=\"no\"><div class=\"flexy\"><div class=\"flexy-view\" data-flexy-view=\"boxed\"><div class=\"flexy-items\" data-height=\"dynamic\"><div class=\"flexy-item\"><article class=\"wp-block-post is-layout-flow post-8586 external-content type-external-content status-publish has-post-thumbnail hentry external-tag-hands-off-asia\">\n\n<div class=\"wp-block-columns is-layout-flex wp-container-core-columns-is-layout-28f84493 wp-block-columns-is-layout-flex\">\n<div class=\"wp-block-column is-layout-flow wp-block-column-is-layout-flow\"><figure class=\"wp-block-post-featured-image\"><a href=\"https:\/\/thetricontinental.org\/es\/dossier-72-agitacion-del-orden-mundial\/\" target=\"_self\"  ><img loading=\"lazy\" decoding=\"async\" width=\"1320\" height=\"960\" src=\"https:\/\/ipa-aip.org\/wp-content\/uploads\/2026\/04\/The-Churning-of-the-Global-Order.jpg\" class=\"attachment-post-thumbnail size-post-thumbnail wp-post-image\" alt=\"La agitaci\u00f3n del orden mundial\" style=\"object-fit:cover;\" srcset=\"https:\/\/ipa-aip.org\/wp-content\/uploads\/2026\/04\/The-Churning-of-the-Global-Order.jpg 1320w, https:\/\/ipa-aip.org\/wp-content\/uploads\/2026\/04\/The-Churning-of-the-Global-Order-300x218.jpg 300w, https:\/\/ipa-aip.org\/wp-content\/uploads\/2026\/04\/The-Churning-of-the-Global-Order-1024x745.jpg 1024w, https:\/\/ipa-aip.org\/wp-content\/uploads\/2026\/04\/The-Churning-of-the-Global-Order-768x559.jpg 768w\" sizes=\"auto, (max-width: 1320px) 100vw, 1320px\" \/><\/a><\/figure><\/div>\n\n\n\n<div class=\"wp-block-column is-layout-flow wp-block-column-is-layout-flow\"><div data-block=\"hook:862\" class=\"alignfull\"><article id=\"post-862\" class=\"post-862\"><div class=\"entry-content is-layout-constrained\"><p class='tagline'>Instituto Tricontinental<\/p><\/div><\/article><\/div>\n\n<h3 style=\"font-style:normal;font-weight:600;line-height:1;letter-spacing:-0.42px;\" class=\"ct-dynamic-data wp-elements-9c468ab082402bee331247854048de80 wp-elements-9a9ec3945b982417e6f827bcf3b91aae has-text-color has-palette-color-1-color has-large-font-size\"><a href=\"https:\/\/thetricontinental.org\/es\/dossier-72-agitacion-del-orden-mundial\/\">La agitaci\u00f3n del orden mundial<\/a><\/h3>\n\n<div style=\"line-height:1.25;\" class=\"ct-dynamic-data wp-elements-4ef96aa7f449939c500deb42a93b092c has-p-huge-font-size\">Basado en una investigaci\u00f3n original realizada con Global South Insights, el dossier n\u00ba 72 analiza los cambios tect\u00f3nicos del mundo y el nuevo esp\u00edritu del Sur Global.<\/div>\n\n<a style=\"border-width:0px; padding-top:8px;padding-bottom:8px;padding-left:12px;padding-right:12px;\" class=\"read-more-button wp-elements-8657d71e0c16d4070332fb617dd4320d wp-block-read-more has-text-color has-palette-color-8-color has-background has-palette-color-1-background-color\" href=\"https:\/\/thetricontinental.org\/es\/dossier-72-agitacion-del-orden-mundial\/\" target=\"_self\">LEER M\u00c1S<span class=\"screen-reader-text\">: La agitaci\u00f3n del orden mundial<\/span><\/a><\/div>\n<\/div>\n\n<\/article><\/div><\/div><\/div><span class=\"flexy-arrow-prev\" data-position=\"outside\"><svg width=\"16\" height=\"10\" fill=\"currentColor\" viewBox=\"0 0 16 10\"><path d=\"M15.3 4.3h-13l2.8-3c.3-.3.3-.7 0-1-.3-.3-.6-.3-.9 0l-4 4.2-.2.2v.6c0 .1.1.2.2.2l4 4.2c.3.4.6.4.9 0 .3-.3.3-.7 0-1l-2.8-3h13c.2 0 .4-.1.5-.2s.2-.3.2-.5-.1-.4-.2-.5c-.1-.1-.3-.2-.5-.2z\"><\/path><\/svg><\/span>\n\t\t\t\t\t\t\t\t<span class=\"flexy-arrow-next\" data-position=\"outside\"><svg width=\"16\" height=\"10\" fill=\"currentColor\" viewBox=\"0 0 16 10\"><path d=\"M.2 4.5c-.1.1-.2.3-.2.5s.1.4.2.5c.1.1.3.2.5.2h13l-2.8 3c-.3.3-.3.7 0 1 .3.3.6.3.9 0l4-4.2.2-.2V5v-.3c0-.1-.1-.2-.2-.2l-4-4.2c-.3-.4-.6-.4-.9 0-.3.3-.3.7 0 1l2.8 3H.7c-.2 0-.4.1-.5.2z\"><\/path><\/svg><\/span><\/div><\/div><\/div><style>[data-id='4c72f085'] [data-flexy*=\"no\"] .flexy-item:nth-child(n + 2) {height:1px;}<\/style><\/div>\n\n\n\n<div data-id=\"ecbbb469\" class=\"wp-block-blocksy-query home-statements\"><div class=\"ct-query-template-grid\"><article class=\"wp-block-post is-layout-flow post-8423 external-content type-external-content status-publish has-post-thumbnail hentry external-tag-peoples-dispatch\">\n<figure style=\"margin-top:0px;margin-bottom:10px;\" class=\"wp-block-post-featured-image\"><a href=\"https:\/\/peoplesdispatch.org\/2026\/04\/27\/liberation-day-in-italy-marked-in-solidarity-with-cuba-and-palestine\/\" target=\"_self\"  ><img loading=\"lazy\" decoding=\"async\" width=\"1536\" height=\"865\" src=\"https:\/\/ipa-aip.org\/wp-content\/uploads\/2026\/04\/Liberation-Day-in-Italy-marked-in-solidarity-with-Cuba-and-Palestine.jpeg\" class=\"attachment-post-thumbnail size-post-thumbnail wp-post-image\" alt=\"Liberation Day in Italy marked in solidarity with Cuba and Palestine\" style=\"object-fit:cover;\" srcset=\"https:\/\/ipa-aip.org\/wp-content\/uploads\/2026\/04\/Liberation-Day-in-Italy-marked-in-solidarity-with-Cuba-and-Palestine.jpeg 1536w, https:\/\/ipa-aip.org\/wp-content\/uploads\/2026\/04\/Liberation-Day-in-Italy-marked-in-solidarity-with-Cuba-and-Palestine-300x169.jpeg 300w, https:\/\/ipa-aip.org\/wp-content\/uploads\/2026\/04\/Liberation-Day-in-Italy-marked-in-solidarity-with-Cuba-and-Palestine-1024x577.jpeg 1024w, https:\/\/ipa-aip.org\/wp-content\/uploads\/2026\/04\/Liberation-Day-in-Italy-marked-in-solidarity-with-Cuba-and-Palestine-768x433.jpeg 768w\" sizes=\"auto, (max-width: 1536px) 100vw, 1536px\" \/><\/a><\/figure>\n\n<div data-block=\"hook:862\" class=\"alignfull\"><article id=\"post-862\" class=\"post-862\"><div class=\"entry-content is-layout-constrained\"><p class='tagline'>People&#8217;s Dispatch<\/p><\/div><\/article><\/div>\n\n<h3 style=\"margin-top:8px;margin-bottom:8px;\" class=\"ct-dynamic-data wp-elements-da02206bb25004956f473f2ea6c1c698\"><a href=\"https:\/\/peoplesdispatch.org\/2026\/04\/27\/liberation-day-in-italy-marked-in-solidarity-with-cuba-and-palestine\/\">Liberation Day in Italy marked in solidarity with Cuba and Palestine<\/a><\/h3>\n<\/article><article class=\"wp-block-post is-layout-flow post-8396 external-content type-external-content status-publish has-post-thumbnail hentry external-tag-peoples-dispatch\">\n<figure style=\"margin-top:0px;margin-bottom:10px;\" class=\"wp-block-post-featured-image\"><a href=\"https:\/\/peoplesdispatch.org\/2026\/04\/27\/iran-continues-to-push-for-diplomatic-solution-after-second-islamabad-talks-fail-to-materialize\/\" target=\"_self\"  ><img loading=\"lazy\" decoding=\"async\" width=\"1280\" height=\"720\" src=\"https:\/\/ipa-aip.org\/wp-content\/uploads\/2026\/04\/Iran-continues-to-push-for-diplomatic-solution-after-second-Islamabad-talks-fail-to-materialize.jpeg\" class=\"attachment-post-thumbnail size-post-thumbnail wp-post-image\" alt=\"Iran continues to push for diplomatic solution after second Islamabad talks fail to materialize\" style=\"object-fit:cover;\" srcset=\"https:\/\/ipa-aip.org\/wp-content\/uploads\/2026\/04\/Iran-continues-to-push-for-diplomatic-solution-after-second-Islamabad-talks-fail-to-materialize.jpeg 1280w, https:\/\/ipa-aip.org\/wp-content\/uploads\/2026\/04\/Iran-continues-to-push-for-diplomatic-solution-after-second-Islamabad-talks-fail-to-materialize-300x169.jpeg 300w, https:\/\/ipa-aip.org\/wp-content\/uploads\/2026\/04\/Iran-continues-to-push-for-diplomatic-solution-after-second-Islamabad-talks-fail-to-materialize-1024x576.jpeg 1024w, https:\/\/ipa-aip.org\/wp-content\/uploads\/2026\/04\/Iran-continues-to-push-for-diplomatic-solution-after-second-Islamabad-talks-fail-to-materialize-768x432.jpeg 768w\" sizes=\"auto, (max-width: 1280px) 100vw, 1280px\" \/><\/a><\/figure>\n\n<div data-block=\"hook:862\" class=\"alignfull\"><article id=\"post-862\" class=\"post-862\"><div class=\"entry-content is-layout-constrained\"><p class='tagline'>People&#8217;s Dispatch<\/p><\/div><\/article><\/div>\n\n<h3 style=\"margin-top:8px;margin-bottom:8px;\" class=\"ct-dynamic-data wp-elements-da02206bb25004956f473f2ea6c1c698\"><a href=\"https:\/\/peoplesdispatch.org\/2026\/04\/27\/iran-continues-to-push-for-diplomatic-solution-after-second-islamabad-talks-fail-to-materialize\/\">Iran continues to push for diplomatic solution after second Islamabad talks fail to materialize<\/a><\/h3>\n<\/article><article class=\"wp-block-post is-layout-flow post-8470 external-content type-external-content status-publish has-post-thumbnail hentry external-tag-hands-off-asia\">\n<figure style=\"margin-top:0px;margin-bottom:10px;\" class=\"wp-block-post-featured-image\"><a href=\"https:\/\/thetricontinental.org\/es\/estudios-sobre-dilemas-contemporaneos-5-guerra-antifascista\/\" target=\"_self\"  ><img loading=\"lazy\" decoding=\"async\" width=\"1320\" height=\"960\" src=\"https:\/\/ipa-aip.org\/wp-content\/uploads\/2026\/04\/The-80th-Anniversary-of-the-Victory-in-the-World-Anti-Fascist-War.jpg\" class=\"attachment-post-thumbnail size-post-thumbnail wp-post-image\" alt=\"El 80\u00ba aniversario de la victoria en la Guerra Mundial Antifascista\" style=\"object-fit:cover;\" srcset=\"https:\/\/ipa-aip.org\/wp-content\/uploads\/2026\/04\/The-80th-Anniversary-of-the-Victory-in-the-World-Anti-Fascist-War.jpg 1320w, https:\/\/ipa-aip.org\/wp-content\/uploads\/2026\/04\/The-80th-Anniversary-of-the-Victory-in-the-World-Anti-Fascist-War-300x218.jpg 300w, https:\/\/ipa-aip.org\/wp-content\/uploads\/2026\/04\/The-80th-Anniversary-of-the-Victory-in-the-World-Anti-Fascist-War-1024x745.jpg 1024w, https:\/\/ipa-aip.org\/wp-content\/uploads\/2026\/04\/The-80th-Anniversary-of-the-Victory-in-the-World-Anti-Fascist-War-768x559.jpg 768w\" sizes=\"auto, (max-width: 1320px) 100vw, 1320px\" \/><\/a><\/figure>\n\n<div data-block=\"hook:862\" class=\"alignfull\"><article id=\"post-862\" class=\"post-862\"><div class=\"entry-content is-layout-constrained\"><p class='tagline'>Instituto Tricontinental<\/p><\/div><\/article><\/div>\n\n<h3 style=\"margin-top:8px;margin-bottom:8px;\" class=\"ct-dynamic-data wp-elements-da02206bb25004956f473f2ea6c1c698\"><a href=\"https:\/\/thetricontinental.org\/es\/estudios-sobre-dilemas-contemporaneos-5-guerra-antifascista\/\">El 80\u00ba aniversario de la victoria en la Guerra Mundial Antifascista<\/a><\/h3>\n<\/article><article class=\"wp-block-post is-layout-flow post-8472 external-content type-external-content status-publish has-post-thumbnail hentry external-tag-hands-off-asia\">\n<figure style=\"margin-top:0px;margin-bottom:10px;\" class=\"wp-block-post-featured-image\"><a href=\"https:\/\/thetricontinental.org\/es\/alerta-roja-18-rimpac\/\" target=\"_self\"  ><img loading=\"lazy\" decoding=\"async\" width=\"950\" height=\"950\" src=\"https:\/\/ipa-aip.org\/wp-content\/uploads\/2026\/04\/Estan-volviendo-peligrosas-a-las-aguas-del-Pacifico.jpg\" class=\"attachment-post-thumbnail size-post-thumbnail wp-post-image\" alt=\"Est\u00e1n volviendo peligrosas a las aguas del Pac\u00edfico\" style=\"object-fit:cover;\" srcset=\"https:\/\/ipa-aip.org\/wp-content\/uploads\/2026\/04\/Estan-volviendo-peligrosas-a-las-aguas-del-Pacifico.jpg 950w, https:\/\/ipa-aip.org\/wp-content\/uploads\/2026\/04\/Estan-volviendo-peligrosas-a-las-aguas-del-Pacifico-300x300.jpg 300w, https:\/\/ipa-aip.org\/wp-content\/uploads\/2026\/04\/Estan-volviendo-peligrosas-a-las-aguas-del-Pacifico-150x150.jpg 150w, https:\/\/ipa-aip.org\/wp-content\/uploads\/2026\/04\/Estan-volviendo-peligrosas-a-las-aguas-del-Pacifico-768x768.jpg 768w\" sizes=\"auto, (max-width: 950px) 100vw, 950px\" \/><\/a><\/figure>\n\n<div data-block=\"hook:862\" class=\"alignfull\"><article id=\"post-862\" class=\"post-862\"><div class=\"entry-content is-layout-constrained\"><p class='tagline'>Instituto Tricontinental<\/p><\/div><\/article><\/div>\n\n<h3 style=\"margin-top:8px;margin-bottom:8px;\" class=\"ct-dynamic-data wp-elements-da02206bb25004956f473f2ea6c1c698\"><a href=\"https:\/\/thetricontinental.org\/es\/alerta-roja-18-rimpac\/\">Est\u00e1n volviendo peligrosas a las aguas del Pac\u00edfico<\/a><\/h3>\n<\/article><\/div><style>[data-id='ecbbb469'] {--grid-columns-width:4;}@media (max-width: 999.98px) {[data-id='ecbbb469'] {--grid-columns-width:2;}}@media (max-width: 689.98px) {[data-id='ecbbb469'] {--grid-columns-width:1;}}<\/style><\/div>\n<\/div>\n\n<div class=\"wp-block-group alignfull has-palette-color-9-background-color has-background is-layout-constrained wp-container-core-group-is-layout-d22ff40a wp-block-group-is-layout-constrained\" style=\"padding-top:0px;padding-right:0px;padding-bottom:0px;padding-left:0px\">\n<div class=\"wp-block-group alignfull is-layout-constrained wp-block-group-is-layout-constrained has-background\" style=\"min-height:152px;background-image:url(&apos;https:\/\/ipa-aip.org\/wp-content\/uploads\/2026\/01\/c6c6b1d6a093f535e492b829bb2b3ccd95a5eb1f-scaled.png&apos;);background-position:50% 50%;background-repeat:repeat;background-size:contain;\"><\/div>\n\n\n\n<div class=\"wp-block-group alignfull is-layout-constrained wp-container-core-group-is-layout-338a4dbf wp-block-group-is-layout-constrained\" style=\"min-height:152px;padding-top:var(--wp--preset--spacing--70);padding-bottom:var(--wp--preset--spacing--70)\">\n<h1 class=\"wp-block-heading has-palette-color-8-color has-text-color has-link-color has-aip-font-size wp-elements-736f39ea1bc964be1a5bb4d1d79da4ec\" style=\"font-style:normal;font-weight:1000;line-height:1;text-transform:uppercase\">MATERIALES<\/h1>\n\n\n\n<div class=\"wp-block-columns is-layout-flex wp-container-core-columns-is-layout-28f84493 wp-block-columns-is-layout-flex\">\n<div class=\"wp-block-column is-layout-flow wp-block-column-is-layout-flow\" style=\"flex-basis:33.33%\">\n<figure class=\"wp-block-image size-large\"><img loading=\"lazy\" decoding=\"async\" width=\"1024\" height=\"698\" src=\"https:\/\/ipa-aip.org\/wp-content\/uploads\/2026\/01\/sahel_pdf-1024x698.webp\" alt=\"\" class=\"wp-image-912\" style=\"aspect-ratio:4\/3;object-fit:contain\" srcset=\"https:\/\/ipa-aip.org\/wp-content\/uploads\/2026\/01\/sahel_pdf-1024x698.webp 1024w, https:\/\/ipa-aip.org\/wp-content\/uploads\/2026\/01\/sahel_pdf-300x204.webp 300w, https:\/\/ipa-aip.org\/wp-content\/uploads\/2026\/01\/sahel_pdf-768x523.webp 768w, https:\/\/ipa-aip.org\/wp-content\/uploads\/2026\/01\/sahel_pdf-1536x1047.webp 1536w, https:\/\/ipa-aip.org\/wp-content\/uploads\/2026\/01\/sahel_pdf.webp 1588w\" sizes=\"auto, (max-width: 1024px) 100vw, 1024px\" \/><\/figure>\n<\/div>\n\n\n\n<div class=\"wp-block-column is-vertically-aligned-stretch is-layout-flow wp-block-column-is-layout-flow\" style=\"flex-basis:66.66%\">\n<h5 class=\"wp-block-heading has-palette-color-8-color has-text-color has-link-color has-medium-font-size wp-elements-1f08d14a9a6b5049ef3468a4f42be884\" style=\"font-style:normal;font-weight:600;line-height:1\">El Sahel Resiste.PDF<\/h5>\n\n\n\n<p class=\"has-palette-color-8-color has-text-color has-link-color has-normal-font-size wp-elements-12362a7331ec672c69ead1368b8ff0e6\" style=\"line-height:1.25\">Una historia de explotac\u00edon y lucha por la liberac\u00edon<\/p>\n\n\n\n<p class=\"has-palette-color-8-color has-text-color has-link-color has-normal-font-size wp-elements-434dd32bffec98def5c8aaf7ffaf581c\" style=\"line-height:1.25\"><a href=\"\/wp-content\/uploads\/2026\/03\/ES_El-Sahel-Resiste.pdf\" target=\"_blank\" rel=\"noreferrer noopener\">Leer M\u00e1s<\/a><\/p>\n<\/div>\n<\/div>\n<\/div>\n\n\n\n<div class=\"wp-block-group alignfull is-layout-constrained wp-block-group-is-layout-constrained has-background\" style=\"min-height:152px;background-image:url(&apos;https:\/\/ipa-aip.org\/wp-content\/uploads\/2026\/01\/c6c6b1d6a093f535e492b829bb2b3ccd95a5eb1f-scaled.png&apos;);background-position:50% 50%;background-repeat:repeat;background-size:contain;\"><\/div>\n<\/div>\n","protected":false},"excerpt":{"rendered":"<p>Una serie para entender sobre resistencia, soberan\u00eda y futuro<\/p>\n","protected":false},"featured_media":1512,"template":"","meta":{"_acf_changed":false},"class_list":["post-1557","campaign","type-campaign","status-publish","has-post-thumbnail","hentry"],"blocksy_meta":{"has_hero_section":"disabled","vertical_spacing_source":"custom","content_area_spacing":"none","styles_descriptor":{"styles":{"desktop":"","tablet":"","mobile":""},"google_fonts":[],"version":6}},"acf":[],"_links":{"self":[{"href":"https:\/\/ipa-aip.org\/es\/wp-json\/wp\/v2\/campaign\/1557","targetHints":{"allow":["GET"]}}],"collection":[{"href":"https:\/\/ipa-aip.org\/es\/wp-json\/wp\/v2\/campaign"}],"about":[{"href":"https:\/\/ipa-aip.org\/es\/wp-json\/wp\/v2\/types\/campaign"}],"wp:featuredmedia":[{"embeddable":true,"href":"https:\/\/ipa-aip.org\/es\/wp-json\/wp\/v2\/media\/1512"}],"wp:attachment":[{"href":"https:\/\/ipa-aip.org\/es\/wp-json\/wp\/v2\/media?parent=1557"}],"curies":[{"name":"wp","href":"https:\/\/api.w.org\/{rel}","templated":true}]}}